{"id":365,"date":"2025-06-12T17:05:23","date_gmt":"2025-06-12T21:05:23","guid":{"rendered":"https:\/\/conference.aerialevolution.ca\/hotel\/"},"modified":"2025-10-06T11:00:08","modified_gmt":"2025-10-06T15:00:08","slug":"voyages","status":"publish","type":"page","link":"https:\/\/conference.aerialevolution.ca\/fr\/voyages\/","title":{"rendered":"Voyages"},"content":{"rendered":"<p>[et_pb_section fb_built=\u00a0\u00bb1&Prime; _builder_version=\u00a0\u00bb4.27.2&Prime; _module_preset=\u00a0\u00bbdefault\u00a0\u00bb custom_padding=\u00a0\u00bb3px||0px|||\u00a0\u00bb global_colors_info=\u00a0\u00bb{}\u00a0\u00bb][et_pb_row _builder_version=\u00a0\u00bb4.27.2&Prime; _module_preset=\u00a0\u00bbdefault\u00a0\u00bb custom_padding=\u00a0\u00bb2px||21px|||\u00a0\u00bb global_colors_info=\u00a0\u00bb{}\u00a0\u00bb][et_pb_column type=\u00a0\u00bb4_4&Prime; _builder_version=\u00a0\u00bb4.27.2&Prime; _module_preset=\u00a0\u00bbdefault\u00a0\u00bb global_colors_info=\u00a0\u00bb{}\u00a0\u00bb][et_pb_text _builder_version=\u00a0\u00bb4.27.2&Prime; _module_preset=\u00a0\u00bbdefault\u00a0\u00bb custom_css_free_form=\u00a0\u00bbselector h1 {font-weight: 900;}\u00a0\u00bb global_colors_info=\u00a0\u00bb{%22gcid-60e3b797-4f17-4404-bb45-b4f678511dc3%22:%91%22text_text_color%22,%22text_text_color%22%93,%22gcid-495980bb-f295-47fb-996a-5b6e31889a08%22:%91%22header_text_color%22,%22header_text_color%22%93,%22gcid-39c81d08-5382-4ece-8303-4f7ac6571ab0%22:%91%22header_3_text_color%22%93}\u00a0\u00bb]<\/p>\n<h1>Informations sur l&rsquo;h\u00f4tel<\/h1>\n<p>[\/et_pb_text][\/et_pb_column][\/et_pb_row][et_pb_row column_structure=\u00a0\u00bb2_5,3_5&Prime; _builder_version=\u00a0\u00bb4.27.2&Prime; _module_preset=\u00a0\u00bbdefault\u00a0\u00bb global_colors_info=\u00a0\u00bb{}\u00a0\u00bb][et_pb_column type=\u00a0\u00bb2_5&Prime; _builder_version=\u00a0\u00bb4.27.2&Prime; _module_preset=\u00a0\u00bbdefault\u00a0\u00bb global_colors_info=\u00a0\u00bb{}\u00a0\u00bb][et_pb_image src=\u00a0\u00bbhttps:\/\/conference.aerialevolution.ca\/wp-content\/uploads\/2025\/06\/7.png\u00a0\u00bb title_text=\u00a0\u00bb7&Prime; _builder_version=\u00a0\u00bb4.27.2&Prime; _module_preset=\u00a0\u00bbdefault\u00a0\u00bb global_colors_info=\u00a0\u00bb{}\u00a0\u00bb][\/et_pb_image][\/et_pb_column][et_pb_column type=\u00a0\u00bb3_5&Prime; _builder_version=\u00a0\u00bb4.27.2&Prime; _module_preset=\u00a0\u00bbdefault\u00a0\u00bb global_colors_info=\u00a0\u00bb{}\u00a0\u00bb][et_pb_text _builder_version=\u00a0\u00bb4.27.2&Prime; _module_preset=\u00a0\u00bbdefault\u00a0\u00bb custom_css_free_form=\u00a0\u00bbselector h1 {font-weight: 900;}\u00a0\u00bb global_colors_info=\u00a0\u00bb{%22gcid-60e3b797-4f17-4404-bb45-b4f678511dc3%22:%91%22text_text_color%22,%22text_text_color%22%93,%22gcid-495980bb-f295-47fb-996a-5b6e31889a08%22:%91%22header_text_color%22,%22header_text_color%22%93,%22gcid-39c81d08-5382-4ece-8303-4f7ac6571ab0%22:%91%22header_3_text_color%22%93}\u00a0\u00bb]<\/p>\n<p>AEAC2025 aura lieu \u00e0 l&rsquo;a\u00e9roport international d&rsquo;Edmonton et \u00e0 l&rsquo;h\u00f4tel Renaissance o\u00f9 vous pouvez \u00e9galement s\u00e9journer pour un maximum de commodit\u00e9 !<\/p>\n<p>Profitez du tarif r\u00e9duit \u00e0 l\u2019h\u00f4tel Renaissance de seulement <strong>225 $ CAD par nuit<\/strong>\u00a0pour \u00eatre au c\u0153ur de l\u2019action et \u00e9conomisez 136 $ CAD sur votre s\u00e9jour.<\/p>\n<p>[\/et_pb_text][et_pb_text _builder_version=\u00a0\u00bb4.27.2&Prime; _module_preset=\u00a0\u00bbdefault\u00a0\u00bb custom_css_free_form=\u00a0\u00bbselector h1 {font-weight: 900;}\u00a0\u00bb global_colors_info=\u00a0\u00bb{%22gcid-60e3b797-4f17-4404-bb45-b4f678511dc3%22:%91%22text_text_color%22,%22text_text_color%22%93,%22gcid-495980bb-f295-47fb-996a-5b6e31889a08%22:%91%22header_text_color%22,%22header_text_color%22%93,%22gcid-39c81d08-5382-4ece-8303-4f7ac6571ab0%22:%91%22header_3_text_color%22%93}\u00a0\u00bb]<\/p>\n<p><span style=\"color: #ff0000;\"><strong>INFORMATION IMPORTANTE<\/strong><\/span><\/p>\n<p>Bien que le tarif de 225 $ soit disponible jusqu&rsquo;au 10 octobre 2025, le bloc de chambres r\u00e9serv\u00e9 par<strong> <\/strong><span style=\"text-decoration: underline;\"><strong>l&rsquo;h\u00f4tel est presque complet<\/strong><\/span>. Pour plus de facilit\u00e9, veuillez contacter directement l&rsquo;h\u00f4tel au num\u00e9ro suivant : +1 (780) 488-7159 afin de conna\u00eetre les chambres encore disponibles.<\/p>\n<p>[\/et_pb_text][et_pb_button button_url=\u00a0\u00bbhttps:\/\/www.marriott.com\/event-reservations\/reservation-link.mi?id=1748020439470&#038;key=GRP&#038;guestreslink2=true&#038;app=resvlink\u00a0\u00bb url_new_window=\u00a0\u00bbon\u00a0\u00bb button_text=\u00a0\u00bbR\u00e9servez maintenant\u00a0\u00bb _builder_version=\u00a0\u00bb4.27.2&Prime; _module_preset=\u00a0\u00bbdefault\u00a0\u00bb custom_padding=\u00a0\u00bb12px|36px|12px|36px|true|true\u00a0\u00bb global_colors_info=\u00a0\u00bb{%22gcid-39c81d08-5382-4ece-8303-4f7ac6571ab0%22:%91%22button_bg_color%22%93,%22gcid-60e3b797-4f17-4404-bb45-b4f678511dc3%22:%91%22button_bg_color__hover%22%93}\u00a0\u00bb button_bg_enable_color__hover=\u00a0\u00bbon\u00a0\u00bb][\/et_pb_button][\/et_pb_column][\/et_pb_row][et_pb_row use_custom_gutter=\u00a0\u00bbon\u00a0\u00bb gutter_width=\u00a0\u00bb2&Prime; make_equal=\u00a0\u00bbon\u00a0\u00bb _builder_version=\u00a0\u00bb4.27.2&Prime; _module_preset=\u00a0\u00bbdefault\u00a0\u00bb custom_padding=\u00a0\u00bb8px|||||\u00a0\u00bb global_colors_info=\u00a0\u00bb{}\u00a0\u00bb locked=\u00a0\u00bboff\u00a0\u00bb][et_pb_column type=\u00a0\u00bb4_4&Prime; _builder_version=\u00a0\u00bb4.27.2&Prime; _module_preset=\u00a0\u00bbdefault\u00a0\u00bb background_color=\u00a0\u00bbgcid-09eaab5d-dfed-4f1a-b4bd-6c4a4f7a1414&Prime; custom_padding=\u00a0\u00bb30px|30px|30px|30px|true|true\u00a0\u00bb global_colors_info=\u00a0\u00bb{%22gcid-09eaab5d-dfed-4f1a-b4bd-6c4a4f7a1414%22:%91%22background_color%22%93}\u00a0\u00bb][et_pb_text ol_item_indent=\u00a0\u00bb28px\u00a0\u00bb _builder_version=\u00a0\u00bb4.27.2&Prime; _module_preset=\u00a0\u00bbdefault\u00a0\u00bb text_text_color=\u00a0\u00bb#000000&Prime; link_font=\u00a0\u00bb||||on||||\u00a0\u00bb link_text_color=\u00a0\u00bb#FFFFFF\u00a0\u00bb ol_line_height=\u00a0\u00bb1.5em\u00a0\u00bb header_2_text_color=\u00a0\u00bbgcid-495980bb-f295-47fb-996a-5b6e31889a08&Prime; header_2_line_height=\u00a0\u00bb1.3em\u00a0\u00bb header_3_text_color=\u00a0\u00bb#FFFFFF\u00a0\u00bb custom_margin=\u00a0\u00bb||||false|false\u00a0\u00bb custom_css_free_form=\u00a0\u00bbselector h1 {font-weight: 900;}\u00a0\u00bb global_colors_info=\u00a0\u00bb{%22gcid-60e3b797-4f17-4404-bb45-b4f678511dc3%22:%91%22text_text_color%22%93,%22gcid-495980bb-f295-47fb-996a-5b6e31889a08%22:%91%22header_text_color%22,%22header_2_text_color%22%93,%22gcid-39c81d08-5382-4ece-8303-4f7ac6571ab0%22:%91%22header_3_text_color%22,%22header_3_text_color%22%93}\u00a0\u00bb]<\/p>\n<h3><span style=\"color: #e02b20;\"><a href=\"https:\/\/www.westjet.com\/en-ca\" target=\"_blank\" rel=\"noopener\" style=\"color: #e02b20;\"><\/a><\/span><\/h3>\n<h2><strong><span style=\"color: #e02b20;\">Si l&rsquo;h\u00f4tel Renaissance est complet pendant vos dates<\/span>, l&rsquo;option alternative est l&rsquo;h\u00f4tel Fairfield by Marriott Edmonton International Airport.<\/strong><\/h2>\n<p>Bien que situ\u00e9 un peu plus loin, le Fairfield propose un service de navette gratuit vers l&rsquo;a\u00e9roport et offre des chambres \u00e0 176 $ CAD par nuit.<\/p>\n<p>[\/et_pb_text][et_pb_button button_url=\u00a0\u00bbhttps:\/\/www.marriott.com\/en-us\/hotels\/yegfa-fairfield-edmonton-international-airport\/overview\/\u00a0\u00bb url_new_window=\u00a0\u00bbon\u00a0\u00bb button_text=\u00a0\u00bbR\u00e9servez d\u00e8s maintenant\u00a0\u00bb _builder_version=\u00a0\u00bb4.27.2&Prime; _module_preset=\u00a0\u00bbdefault\u00a0\u00bb custom_padding=\u00a0\u00bb12px|36px|12px|36px|true|true\u00a0\u00bb hover_enabled=\u00a0\u00bb0&Prime; global_colors_info=\u00a0\u00bb{%22gcid-39c81d08-5382-4ece-8303-4f7ac6571ab0%22:%91%22button_bg_color%22%93,%22gcid-60e3b797-4f17-4404-bb45-b4f678511dc3%22:%91%22button_bg_color__hover%22%93}\u00a0\u00bb button_bg_enable_color__hover=\u00a0\u00bbon\u00a0\u00bb sticky_enabled=\u00a0\u00bb0&Prime;][\/et_pb_button][\/et_pb_column][\/et_pb_row][\/et_pb_section][et_pb_section fb_built=\u00a0\u00bb1&Prime; _builder_version=\u00a0\u00bb4.27.2&Prime; _module_preset=\u00a0\u00bbdefault\u00a0\u00bb custom_padding=\u00a0\u00bb3px||0px|||\u00a0\u00bb locked=\u00a0\u00bboff\u00a0\u00bb global_colors_info=\u00a0\u00bb{}\u00a0\u00bb][et_pb_row _builder_version=\u00a0\u00bb4.27.2&Prime; _module_preset=\u00a0\u00bbdefault\u00a0\u00bb custom_padding=\u00a0\u00bb2px||21px|||\u00a0\u00bb global_colors_info=\u00a0\u00bb{}\u00a0\u00bb][et_pb_column type=\u00a0\u00bb4_4&Prime; _builder_version=\u00a0\u00bb4.27.2&Prime; _module_preset=\u00a0\u00bbdefault\u00a0\u00bb global_colors_info=\u00a0\u00bb{}\u00a0\u00bb][et_pb_divider color=\u00a0\u00bbgcid-495980bb-f295-47fb-996a-5b6e31889a08&Prime; _builder_version=\u00a0\u00bb4.27.2&Prime; _module_preset=\u00a0\u00bbdefault\u00a0\u00bb global_colors_info=\u00a0\u00bb{%22gcid-495980bb-f295-47fb-996a-5b6e31889a08%22:%91%22color%22%93}\u00a0\u00bb][\/et_pb_divider][et_pb_text _builder_version=\u00a0\u00bb4.27.2&Prime; _module_preset=\u00a0\u00bbdefault\u00a0\u00bb custom_margin=\u00a0\u00bb||11px|||\u00a0\u00bb custom_css_free_form=\u00a0\u00bbselector h1 {font-weight: 900;}\u00a0\u00bb global_colors_info=\u00a0\u00bb{%22gcid-60e3b797-4f17-4404-bb45-b4f678511dc3%22:%91%22text_text_color%22,%22text_text_color%22%93,%22gcid-495980bb-f295-47fb-996a-5b6e31889a08%22:%91%22header_text_color%22,%22header_text_color%22%93}\u00a0\u00bb]<\/p>\n<h1>Offres sp\u00e9ciales pour vos billets d\u2019avion!<\/h1>\n<p>[\/et_pb_text][\/et_pb_column][\/et_pb_row][et_pb_row column_structure=\u00a0\u00bb1_2,1_2&Prime; use_custom_gutter=\u00a0\u00bbon\u00a0\u00bb gutter_width=\u00a0\u00bb2&Prime; make_equal=\u00a0\u00bbon\u00a0\u00bb _builder_version=\u00a0\u00bb4.27.2&Prime; _module_preset=\u00a0\u00bbdefault\u00a0\u00bb custom_padding=\u00a0\u00bb8px||22px|||\u00a0\u00bb global_colors_info=\u00a0\u00bb{}\u00a0\u00bb][et_pb_column type=\u00a0\u00bb1_2&Prime; _builder_version=\u00a0\u00bb4.27.2&Prime; _module_preset=\u00a0\u00bbdefault\u00a0\u00bb background_color=\u00a0\u00bbgcid-09eaab5d-dfed-4f1a-b4bd-6c4a4f7a1414&Prime; custom_padding=\u00a0\u00bb30px|30px|30px|30px|true|true\u00a0\u00bb global_colors_info=\u00a0\u00bb{%22gcid-09eaab5d-dfed-4f1a-b4bd-6c4a4f7a1414%22:%91%22background_color%22%93}\u00a0\u00bb][et_pb_text ol_item_indent=\u00a0\u00bb28px\u00a0\u00bb _builder_version=\u00a0\u00bb4.27.2&Prime; _module_preset=\u00a0\u00bbdefault\u00a0\u00bb link_text_color=\u00a0\u00bbgcid-495980bb-f295-47fb-996a-5b6e31889a08&Prime; ol_line_height=\u00a0\u00bb1.5em\u00a0\u00bb custom_margin=\u00a0\u00bb||||false|false\u00a0\u00bb custom_css_free_form=\u00a0\u00bbselector h1 {font-weight: 900;}\u00a0\u00bb global_colors_info=\u00a0\u00bb{%22gcid-60e3b797-4f17-4404-bb45-b4f678511dc3%22:%91%22text_text_color%22,%22text_text_color%22,%22text_text_color%22%93,%22gcid-495980bb-f295-47fb-996a-5b6e31889a08%22:%91%22header_text_color%22,%22link_text_color%22%93,%22gcid-39c81d08-5382-4ece-8303-4f7ac6571ab0%22:%91%22header_3_text_color%22,%22header_3_text_color%22%93}\u00a0\u00bb]<\/p>\n<h3><a href=\"https:\/\/www.aircanada.com\/home\/ca\/fr\/aco\/flights\" target=\"_blank\" rel=\"noopener\"><img loading=\"lazy\" decoding=\"async\" src=\"https:\/\/conference.aerialevolution.ca\/wp-content\/uploads\/2025\/08\/AC_Logo_Horizontal_onWhiteTransparent-1-600x103.png\" width=\"390\" height=\"67\" alt=\"\" class=\"wp-image-1108 alignnone size-medium\" srcset=\"https:\/\/conference.aerialevolution.ca\/wp-content\/uploads\/2025\/08\/AC_Logo_Horizontal_onWhiteTransparent-1-600x103.png 600w, https:\/\/conference.aerialevolution.ca\/wp-content\/uploads\/2025\/08\/AC_Logo_Horizontal_onWhiteTransparent-1-1024x176.png 1024w, https:\/\/conference.aerialevolution.ca\/wp-content\/uploads\/2025\/08\/AC_Logo_Horizontal_onWhiteTransparent-1-768x132.png 768w, https:\/\/conference.aerialevolution.ca\/wp-content\/uploads\/2025\/08\/AC_Logo_Horizontal_onWhiteTransparent-1-1536x264.png 1536w, https:\/\/conference.aerialevolution.ca\/wp-content\/uploads\/2025\/08\/AC_Logo_Horizontal_onWhiteTransparent-1-2048x352.png 2048w, https:\/\/conference.aerialevolution.ca\/wp-content\/uploads\/2025\/08\/AC_Logo_Horizontal_onWhiteTransparent-1-1200x206.png 1200w, https:\/\/conference.aerialevolution.ca\/wp-content\/uploads\/2025\/08\/AC_Logo_Horizontal_onWhiteTransparent-1-1080x186.png 1080w\" sizes=\"(max-width: 390px) 100vw, 390px\" \/><\/a><\/h3>\n<p><strong>Rabais offert :<\/strong> Jusqu\u2019\u00e0 10 % de r\u00e9duction sur les tarifs Standard, PY Low et Business Low, et jusqu\u2019\u00e0 15 % sur les tarifs Flex, Comfort, Latitude, PY High et Business High<br \/><strong>P\u00e9riodes de voyage :<\/strong> Du 28 octobre 2025 au 13 novembre 2025<br \/><strong>Code promotionnel :<\/strong> V94WHQ91<\/p>\n<p><strong>Comment r\u00e9server :<\/strong><\/p>\n<ol>\n<li>Rendez-vous sur Aircanada.com<\/li>\n<li>Saisir le code promotionnel lors de la recherche de vol.<\/li>\n<li>S\u00e9lectionner vos vols aux dates admissibles pour que le rabais soit appliqu\u00e9 automatiquement.<\/li>\n<\/ol>\n<p><em>Le code est r\u00e9serv\u00e9 aux participants et organisateurs et ne doit pas \u00eatre diffus\u00e9 publiquement.\u00a0<\/em><\/p>\n<p>[\/et_pb_text][\/et_pb_column][et_pb_column type=\u00a0\u00bb1_2&Prime; _builder_version=\u00a0\u00bb4.27.2&Prime; _module_preset=\u00a0\u00bbdefault\u00a0\u00bb background_color=\u00a0\u00bbgcid-495980bb-f295-47fb-996a-5b6e31889a08&Prime; custom_padding=\u00a0\u00bb30px|30px|30px|30px|true|true\u00a0\u00bb global_colors_info=\u00a0\u00bb{%22gcid-495980bb-f295-47fb-996a-5b6e31889a08%22:%91%22background_color%22%93}\u00a0\u00bb][et_pb_text ol_item_indent=\u00a0\u00bb28px\u00a0\u00bb _builder_version=\u00a0\u00bb4.27.2&Prime; _module_preset=\u00a0\u00bbdefault\u00a0\u00bb text_text_color=\u00a0\u00bb#FFFFFF\u00a0\u00bb link_font=\u00a0\u00bb||||on||||\u00a0\u00bb link_text_color=\u00a0\u00bb#FFFFFF\u00a0\u00bb ol_line_height=\u00a0\u00bb1.5em\u00a0\u00bb header_3_text_color=\u00a0\u00bb#FFFFFF\u00a0\u00bb custom_margin=\u00a0\u00bb||||false|false\u00a0\u00bb custom_css_free_form=\u00a0\u00bbselector h1 {font-weight: 900;}\u00a0\u00bb global_colors_info=\u00a0\u00bb{%22gcid-60e3b797-4f17-4404-bb45-b4f678511dc3%22:%91%22text_text_color%22,%22text_text_color%22%93,%22gcid-495980bb-f295-47fb-996a-5b6e31889a08%22:%91%22header_text_color%22,%22header_text_color%22,%22header_text_color%22,%22header_text_color%22%93}\u00a0\u00bb]<\/p>\n<h3><a href=\"https:\/\/www.flyporter.com\/fr-ca\/\" target=\"_blank\" rel=\"noopener\"><img loading=\"lazy\" decoding=\"async\" src=\"https:\/\/conference.aerialevolution.ca\/wp-content\/uploads\/2025\/08\/porter-renv-2.png\" width=\"164\" height=\"62\" alt=\"\" class=\"wp-image-1113 alignnone size-full\" \/><\/a><\/h3>\n<p><span data-ccp-props=\"{&quot;335559739&quot;:0}\"><strong>Rabais offert :<\/strong> Jusqu\u2019\u00e0 10 % sur les tarifs de base disponibles (sauf la plus basse classe pendant une vente publique).<br \/><strong>P\u00e9riodes de voyage :<\/strong> 2 novembre 2025 au 8 novembre 2025<br \/><strong>Code promotionnel :<\/strong> AECE25<\/span><\/p>\n<p><strong>Comment r\u00e9server :\u00a0<\/strong><\/p>\n<ol>\n<li><span data-ccp-props=\"{&quot;335559739&quot;:0}\">Rendez-vous sur le site web de Porter Airlines<br \/><\/span><\/li>\n<li><span data-ccp-props=\"{&quot;335559739&quot;:0}\">Saisir le code promotionnel lors de la recherche de vol.<br \/><\/span><\/li>\n<li><span data-ccp-props=\"{&quot;335559739&quot;:0}\">S\u00e9lectionner vos vols aux dates admissibles pour que le rabais soit appliqu\u00e9 automatiquement. <\/span><\/li>\n<\/ol>\n<p><span data-ccp-props=\"{&quot;335559739&quot;:0}\"><em>Code r\u00e9serv\u00e9 aux participants et organisateurs de la conf\u00e9rence. Les r\u00e8gles tarifaires de Porter s\u2019appliquent.\u00a0<\/em><\/span><\/p>\n<p>[\/et_pb_text][\/et_pb_column][\/et_pb_row][et_pb_row use_custom_gutter=\u00a0\u00bbon\u00a0\u00bb gutter_width=\u00a0\u00bb2&Prime; make_equal=\u00a0\u00bbon\u00a0\u00bb _builder_version=\u00a0\u00bb4.27.2&Prime; _module_preset=\u00a0\u00bbdefault\u00a0\u00bb custom_padding=\u00a0\u00bb8px|||||\u00a0\u00bb global_colors_info=\u00a0\u00bb{}\u00a0\u00bb][et_pb_column type=\u00a0\u00bb4_4&Prime; _builder_version=\u00a0\u00bb4.27.2&Prime; _module_preset=\u00a0\u00bbdefault\u00a0\u00bb background_color=\u00a0\u00bbgcid-39c81d08-5382-4ece-8303-4f7ac6571ab0&Prime; custom_padding=\u00a0\u00bb30px|30px|30px|30px|true|true\u00a0\u00bb global_colors_info=\u00a0\u00bb{%22gcid-39c81d08-5382-4ece-8303-4f7ac6571ab0%22:%91%22background_color%22%93}\u00a0\u00bb][et_pb_text ol_item_indent=\u00a0\u00bb28px\u00a0\u00bb _builder_version=\u00a0\u00bb4.27.2&Prime; _module_preset=\u00a0\u00bbdefault\u00a0\u00bb text_text_color=\u00a0\u00bb#FFFFFF\u00a0\u00bb link_font=\u00a0\u00bb||||on||||\u00a0\u00bb link_text_color=\u00a0\u00bb#FFFFFF\u00a0\u00bb ol_line_height=\u00a0\u00bb1.5em\u00a0\u00bb header_3_text_color=\u00a0\u00bb#FFFFFF\u00a0\u00bb custom_margin=\u00a0\u00bb||||false|false\u00a0\u00bb custom_css_free_form=\u00a0\u00bbselector h1 {font-weight: 900;}\u00a0\u00bb global_colors_info=\u00a0\u00bb{%22gcid-60e3b797-4f17-4404-bb45-b4f678511dc3%22:%91%22text_text_color%22,%22text_text_color%22%93,%22gcid-495980bb-f295-47fb-996a-5b6e31889a08%22:%91%22header_text_color%22,%22header_text_color%22,%22header_text_color%22,%22header_text_color%22%93}\u00a0\u00bb]<\/p>\n<h3><a href=\"https:\/\/www.westjet.com\/en-ca\" target=\"_blank\" rel=\"noopener\"><img loading=\"lazy\" decoding=\"async\" src=\"https:\/\/conference.aerialevolution.ca\/wp-content\/uploads\/2025\/08\/L_2018_WestJet_Leaf_Hor_REV-1.png\" width=\"297\" height=\"61\" alt=\"\" class=\"wp-image-1110 alignnone size-full\" \/><\/a><\/h3>\n<p><strong>Rabais offert :<\/strong> 5 % sur les tarifs \u00c9cono et 10 % sur les tarifs \u00c9conoFlex et sup\u00e9rieurs<br \/><strong>P\u00e9riodes de voyage admissibles :<\/strong> Du 28 octobre 2025 au 13 novembre 2025<br \/><strong>Code de r\u00e9duction :<\/strong> 5Q9X7AG<\/p>\n<p><strong>Comment r\u00e9server :\u00a0<\/strong><\/p>\n<ol>\n<li>Rendez-vous sur www.westjet.com<\/li>\n<li>Entrer le code de r\u00e9duction dans le champ \u00ab Code promotionnel \u00bb.<\/li>\n<li>S\u00e9lectionner les vols aux dates admissibles.<\/li>\n<\/ol>\n<p><em>Le code est r\u00e9serv\u00e9 aux participants et organisateurs de la conf\u00e9rence.\u00a0<\/em><\/p>\n<p>[\/et_pb_text][\/et_pb_column][\/et_pb_row][\/et_pb_section]<\/p>\n","protected":false},"excerpt":{"rendered":"<p>Informations sur l&rsquo;h\u00f4tel AEAC2025 aura lieu \u00e0&#8230;<\/p>\n","protected":false},"author":2,"featured_media":0,"parent":0,"menu_order":0,"comment_status":"closed","ping_status":"closed","template":"","meta":{"_acf_changed":false,"_et_pb_use_builder":"on","_et_pb_old_content":"","_et_gb_content_width":"","_price":"","_stock":"","_tribe_ticket_header":"","_tribe_default_ticket_provider":"Tribe__Tickets_Plus__Commerce__WooCommerce__Main","_tribe_ticket_capacity":"0","_ticket_start_date":"","_ticket_end_date":"","_tribe_ticket_show_description":"","_tribe_ticket_show_not_going":false,"_tribe_ticket_use_global_stock":"","_tribe_ticket_global_stock_level":"","_global_stock_mode":"","_global_stock_cap":"","_tribe_rsvp_for_event":"","_tribe_ticket_going_count":"","_tribe_ticket_not_going_count":"","_tribe_tickets_list":"[]","_tribe_ticket_has_attendee_info_fields":false,"footnotes":"","_tec_slr_enabled":"","_tec_slr_layout":""},"class_list":["post-365","page","type-page","status-publish","hentry"],"acf":[],"ticketed":false,"_links":{"self":[{"href":"https:\/\/conference.aerialevolution.ca\/fr\/wp-json\/wp\/v2\/pages\/365","targetHints":{"allow":["GET"]}}],"collection":[{"href":"https:\/\/conference.aerialevolution.ca\/fr\/wp-json\/wp\/v2\/pages"}],"about":[{"href":"https:\/\/conference.aerialevolution.ca\/fr\/wp-json\/wp\/v2\/types\/page"}],"author":[{"embeddable":true,"href":"https:\/\/conference.aerialevolution.ca\/fr\/wp-json\/wp\/v2\/users\/2"}],"replies":[{"embeddable":true,"href":"https:\/\/conference.aerialevolution.ca\/fr\/wp-json\/wp\/v2\/comments?post=365"}],"version-history":[{"count":23,"href":"https:\/\/conference.aerialevolution.ca\/fr\/wp-json\/wp\/v2\/pages\/365\/revisions"}],"predecessor-version":[{"id":2325,"href":"https:\/\/conference.aerialevolution.ca\/fr\/wp-json\/wp\/v2\/pages\/365\/revisions\/2325"}],"wp:attachment":[{"href":"https:\/\/conference.aerialevolution.ca\/fr\/wp-json\/wp\/v2\/media?parent=365"}],"curies":[{"name":"wp","href":"https:\/\/api.w.org\/{rel}","templated":true}]}}