{"id":278,"date":"2025-05-16T13:11:14","date_gmt":"2025-05-16T17:11:14","guid":{"rendered":"https:\/\/conference.aerialevolution.ca\/aerial-evolution-association-of-canada-student-competition-awards\/"},"modified":"2025-08-28T14:35:16","modified_gmt":"2025-08-28T18:35:16","slug":"academia","status":"publish","type":"page","link":"https:\/\/conference.aerialevolution.ca\/fr\/academia\/","title":{"rendered":"Milieu universitaire"},"content":{"rendered":"<p>[et_pb_section fb_built=\u00a0\u00bb1&Prime; _builder_version=\u00a0\u00bb4.27.2&Prime; _module_preset=\u00a0\u00bbdefault\u00a0\u00bb custom_padding=\u00a0\u00bb3px||0px|||\u00a0\u00bb global_colors_info=\u00a0\u00bb{}\u00a0\u00bb][et_pb_row _builder_version=\u00a0\u00bb4.27.2&Prime; _module_preset=\u00a0\u00bbdefault\u00a0\u00bb custom_padding=\u00a0\u00bb||21px|||\u00a0\u00bb global_colors_info=\u00a0\u00bb{}\u00a0\u00bb][et_pb_column type=\u00a0\u00bb4_4&Prime; _builder_version=\u00a0\u00bb4.27.2&Prime; _module_preset=\u00a0\u00bbdefault\u00a0\u00bb global_colors_info=\u00a0\u00bb{}\u00a0\u00bb][et_pb_text _builder_version=\u00a0\u00bb4.27.2&Prime; _module_preset=\u00a0\u00bbdefault\u00a0\u00bb header_2_text_color=\u00a0\u00bbgcid-39c81d08-5382-4ece-8303-4f7ac6571ab0&Prime; custom_css_free_form=\u00a0\u00bbselector h1 {font-weight: 900;}\u00a0\u00bb global_colors_info=\u00a0\u00bb{%22gcid-60e3b797-4f17-4404-bb45-b4f678511dc3%22:%91%22text_text_color%22,%22text_text_color%22,%22text_text_color%22%93,%22gcid-495980bb-f295-47fb-996a-5b6e31889a08%22:%91%22header_text_color%22,%22header_text_color%22,%22header_text_color%22%93,%22gcid-39c81d08-5382-4ece-8303-4f7ac6571ab0%22:%91%22header_3_text_color%22,%22header_2_text_color%22%93}\u00a0\u00bb]<\/p>\n<h1>Milieu universitaire<\/h1>\n<h2>Postulez pour soumettre une fiche technique ou un r\u00e9sum\u00e9 de pr\u00e9sentation pour l&rsquo;AEAC 2025<\/h2>\n<p>L\u2019Association pour l\u2019\u00c9volution A\u00e9rienne du Canada (AEAC) invite les chercheurs, les chefs de file de l&rsquo;industrie et les innovateurs \u00e0 soumettre leurs travaux pour pr\u00e9sentation \u00e0 l&rsquo;AEAC 2025, qui se tiendra du 4 au 6 novembre 2025 \u00e0 l&rsquo;a\u00e9roport international d&rsquo;Edmonton. Cet \u00e9v\u00e9nement phare se tiendra le jour m\u00eame de l&rsquo;entr\u00e9e en vigueur de la nouvelle r\u00e9glementation BVLOS au Canada. Il s&rsquo;agit d&rsquo;une occasion unique de pr\u00e9senter vos recherches et vos technologies \u00e0 l&rsquo;aube d&rsquo;une nouvelle \u00e8re dans l&rsquo;aviation canadienne, de rencontrer les principaux r\u00e9gulateurs et parties prenantes, et de fa\u00e7onner l&rsquo;avenir des syst\u00e8mes sans pilote. Nous acceptons les soumissions pour des pr\u00e9sentations techniques orales et des sessions d&rsquo;affiches.<\/p>\n<p>[\/et_pb_text][\/et_pb_column][\/et_pb_row][et_pb_row column_structure=\u00a0\u00bb1_2,1_2&Prime; use_custom_gutter=\u00a0\u00bbon\u00a0\u00bb gutter_width=\u00a0\u00bb2&Prime; make_equal=\u00a0\u00bbon\u00a0\u00bb _builder_version=\u00a0\u00bb4.27.2&Prime; _module_preset=\u00a0\u00bbdefault\u00a0\u00bb module_alignment=\u00a0\u00bbcenter\u00a0\u00bb custom_padding=\u00a0\u00bb11px||16px|||\u00a0\u00bb global_colors_info=\u00a0\u00bb{}\u00a0\u00bb][et_pb_column type=\u00a0\u00bb1_2&Prime; _builder_version=\u00a0\u00bb4.27.2&Prime; _module_preset=\u00a0\u00bbdefault\u00a0\u00bb background_color=\u00a0\u00bbgcid-09eaab5d-dfed-4f1a-b4bd-6c4a4f7a1414&Prime; custom_padding=\u00a0\u00bb30px|30px|30px|30px|true|true\u00a0\u00bb global_colors_info=\u00a0\u00bb{%22gcid-09eaab5d-dfed-4f1a-b4bd-6c4a4f7a1414%22:%91%22background_color%22%93}\u00a0\u00bb][et_pb_text _builder_version=\u00a0\u00bb4.27.2&Prime; _module_preset=\u00a0\u00bbdefault\u00a0\u00bb header_2_text_color=\u00a0\u00bbgcid-495980bb-f295-47fb-996a-5b6e31889a08&Prime; text_orientation=\u00a0\u00bbcenter\u00a0\u00bb hover_enabled=\u00a0\u00bb0&Prime; global_colors_info=\u00a0\u00bb{%22gcid-60e3b797-4f17-4404-bb45-b4f678511dc3%22:%91%22text_text_color%22%93,%22gcid-495980bb-f295-47fb-996a-5b6e31889a08%22:%91%22header_text_color%22,%22header_2_text_color%22%93,%22gcid-39c81d08-5382-4ece-8303-4f7ac6571ab0%22:%91%22header_3_text_color%22,%22header_3_text_color%22%93}\u00a0\u00bb sticky_enabled=\u00a0\u00bb0&Prime;]<\/p>\n<h2>Appel \u00e0 communications pour les pr\u00e9sentations techniques lors de la conf\u00e9rence<\/h2>\n<p>[\/et_pb_text][et_pb_button button_url=\u00a0\u00bbhttps:\/\/conference.aerialevolution.ca\/fr\/academia\/technical-presentations-at-the-conference-submission-guidelines\/\u00a0\u00bb button_text=\u00a0\u00bbConsignes de soumission\u00a0\u00bb button_alignment=\u00a0\u00bbcenter\u00a0\u00bb _builder_version=\u00a0\u00bb4.27.2&Prime; _module_preset=\u00a0\u00bbdefault\u00a0\u00bb hover_enabled=\u00a0\u00bb0&Prime; global_colors_info=\u00a0\u00bb{}\u00a0\u00bb sticky_enabled=\u00a0\u00bb0&Prime;][\/et_pb_button][\/et_pb_column][et_pb_column type=\u00a0\u00bb1_2&Prime; _builder_version=\u00a0\u00bb4.27.2&Prime; _module_preset=\u00a0\u00bbdefault\u00a0\u00bb background_color=\u00a0\u00bbgcid-8ccf9663-67b8-401d-b80d-e7ddb97add03&Prime; custom_padding=\u00a0\u00bb30px|30px|30px|30px|true|true\u00a0\u00bb custom_css_main_element=\u00a0\u00bbdisplay: flex;||flex-direction: column;||justify-content: center;\u00a0\u00bb global_colors_info=\u00a0\u00bb{%22gcid-8ccf9663-67b8-401d-b80d-e7ddb97add03%22:%91%22background_color%22%93}\u00a0\u00bb][et_pb_text _builder_version=\u00a0\u00bb4.27.2&Prime; _module_preset=\u00a0\u00bbdefault\u00a0\u00bb text_text_color=\u00a0\u00bb#FFFFFF\u00a0\u00bb text_orientation=\u00a0\u00bbcenter\u00a0\u00bb hover_enabled=\u00a0\u00bb0&Prime; global_colors_info=\u00a0\u00bb{%22gcid-495980bb-f295-47fb-996a-5b6e31889a08%22:%91%22header_text_color%22,%22header_text_color%22%93,%22gcid-39c81d08-5382-4ece-8303-4f7ac6571ab0%22:%91%22header_3_text_color%22%93}\u00a0\u00bb sticky_enabled=\u00a0\u00bb0&Prime;]<\/p>\n<h2>Appel \u00e0 communications pour des pr\u00e9sentations d&rsquo;affiches<\/h2>\n<p>[\/et_pb_text][et_pb_button button_url=\u00a0\u00bbhttps:\/\/conference.aerialevolution.ca\/fr\/academia\/call-for-poster-presentation-submission-guidelines\/\u00a0\u00bb button_text=\u00a0\u00bbConsignes de soumission\u00a0\u00bb button_alignment=\u00a0\u00bbcenter\u00a0\u00bb _builder_version=\u00a0\u00bb4.27.2&Prime; _module_preset=\u00a0\u00bbdefault\u00a0\u00bb hover_enabled=\u00a0\u00bb0&Prime; global_colors_info=\u00a0\u00bb{}\u00a0\u00bb sticky_enabled=\u00a0\u00bb0&Prime;][\/et_pb_button][\/et_pb_column][\/et_pb_row][et_pb_row column_structure=\u00a0\u00bb1_2,1_2&Prime; _builder_version=\u00a0\u00bb4.27.2&Prime; _module_preset=\u00a0\u00bbdefault\u00a0\u00bb global_colors_info=\u00a0\u00bb{}\u00a0\u00bb][et_pb_column type=\u00a0\u00bb1_2&Prime; _builder_version=\u00a0\u00bb4.27.2&Prime; _module_preset=\u00a0\u00bbdefault\u00a0\u00bb global_colors_info=\u00a0\u00bb{}\u00a0\u00bb][et_pb_text _builder_version=\u00a0\u00bb4.27.2&Prime; _module_preset=\u00a0\u00bbdefault\u00a0\u00bb custom_padding=\u00a0\u00bb0px|0px|0px|0px|true|true\u00a0\u00bb global_colors_info=\u00a0\u00bb{}\u00a0\u00bb]<\/p>\n<h3>Th\u00e8mes et sujets de la conf\u00e9rence<\/h3>\n<p>Le th\u00e8me de cette \u00e9dition est le suivant : \u00ab Faire progresser l&rsquo;innovation a\u00e9rienne \u2014 Le leadership du Canada dans l&rsquo;\u00e9cosyst\u00e8me mondial en pleine \u00e9volution des drones \u00bb.<\/p>\n<p>Nous encourageons les soumissions dans un large \u00e9ventail de domaines de recherche et d&rsquo;application, tout en restant fid\u00e8les au th\u00e8me de la conf\u00e9rence. Le programme technique explorera les d\u00e9fis et les opportunit\u00e9s les plus urgents et les plus int\u00e9ressants dans le secteur des RPAS. Les sujets d&rsquo;int\u00e9r\u00eat comprennent, sans s&rsquo;y limiter:<\/p>\n<ul>\n<li><strong>Int\u00e9gration des RPAS dans l&rsquo;espace a\u00e9rien national :<\/strong> politiques, technologies et meilleures pratiques op\u00e9rationnelles.<\/li>\n<li><strong>S\u00e9curit\u00e9 et contre-UAS :<\/strong> prot\u00e9ger les infrastructures critiques, la s\u00e9curit\u00e9 publique et l&rsquo;int\u00e9grit\u00e9 de l&rsquo;espace a\u00e9rien.<\/li>\n<li><strong>ESG et op\u00e9rations durables :<\/strong> tirer parti de la technologie des drones pour la surveillance environnementale, le bien social et la croissance durable.<\/li>\n<li><strong>Mobilit\u00e9 a\u00e9rienne avanc\u00e9e (AAM) :<\/strong> voies vers la mobilit\u00e9 a\u00e9rienne urbaine et r\u00e9gionale.<\/li>\n<li>S<strong>\u00e9curit\u00e9 publique et premiers soins :<\/strong> applications dans les domaines de la recherche et du sauvetage, de la gestion des urgences et de l&rsquo;application de la loi.<\/li>\n<li><strong>\u00c9nergie, services publics et ressources naturelles :<\/strong> innovations en mati\u00e8re d&rsquo;inspection, de surveillance et de gestion des ressources.<\/li>\n<li><strong>Construction, transport et infrastructures : <\/strong>solutions d&rsquo;arpentage, de cartographie et de logistique.<\/li>\n<li><strong>Aviation, a\u00e9rospatiale et RTM :<\/strong> l&rsquo;avenir de la gestion du trafic des syst\u00e8mes d&rsquo;a\u00e9ronefs t\u00e9l\u00e9pilot\u00e9s.<\/li>\n<li><strong>Soutien aux communaut\u00e9s autochtones et isol\u00e9es : <\/strong>combler les distances et fournir des services essentiels.<\/li>\n<li><strong>Intelligence artificielle et syst\u00e8mes autonomes :<\/strong> apprentissage automatique, vision par ordinateur et navigation avanc\u00e9e pour les drones.<\/li>\n<li><strong>\u00c9ducation, recherche et d\u00e9veloppement de la main-d&rsquo;\u0153uvre :<\/strong> former la prochaine g\u00e9n\u00e9ration de professionnels des syst\u00e8mes a\u00e9riens.<\/li>\n<\/ul>\n<p>[\/et_pb_text][\/et_pb_column][et_pb_column type=\u00a0\u00bb1_2&Prime; _builder_version=\u00a0\u00bb4.27.2&Prime; _module_preset=\u00a0\u00bbdefault\u00a0\u00bb background_color=\u00a0\u00bbgcid-09eaab5d-dfed-4f1a-b4bd-6c4a4f7a1414&Prime; custom_padding=\u00a0\u00bb20px|20px|20px|20px|true|true\u00a0\u00bb global_colors_info=\u00a0\u00bb{%22gcid-09eaab5d-dfed-4f1a-b4bd-6c4a4f7a1414%22:%91%22background_color%22%93}\u00a0\u00bb][et_pb_text _builder_version=\u00a0\u00bb4.27.2&Prime; _module_preset=\u00a0\u00bbdefault\u00a0\u00bb header_2_text_color=\u00a0\u00bbgcid-495980bb-f295-47fb-996a-5b6e31889a08&Prime; header_2_font_size=\u00a0\u00bb25px\u00a0\u00bb header_2_line_height=\u00a0\u00bb1.3em\u00a0\u00bb global_colors_info=\u00a0\u00bb{%22gcid-60e3b797-4f17-4404-bb45-b4f678511dc3%22:%91%22text_text_color%22,%22text_text_color%22%93,%22gcid-495980bb-f295-47fb-996a-5b6e31889a08%22:%91%22header_text_color%22,%22header_2_text_color%22%93,%22gcid-39c81d08-5382-4ece-8303-4f7ac6571ab0%22:%91%22header_3_text_color%22,%22header_3_text_color%22%93}\u00a0\u00bb]<\/p>\n<h2>Conf\u00e9rence AEAC 2025 &#8211; Dates importantes et dates limites de d\u00e9p\u00f4t des candidatures<\/h2>\n<p>[\/et_pb_text][et_pb_accordion open_toggle_text_color=\u00a0\u00bbgcid-495980bb-f295-47fb-996a-5b6e31889a08&Prime; open_toggle_background_color=\u00a0\u00bbRGBA(255,255,255,0)\u00a0\u00bb closed_toggle_background_color=\u00a0\u00bbRGBA(255,255,255,0)\u00a0\u00bb icon_color=\u00a0\u00bbgcid-39c81d08-5382-4ece-8303-4f7ac6571ab0&Prime; use_icon_font_size=\u00a0\u00bbon\u00a0\u00bb icon_font_size=\u00a0\u00bb21px\u00a0\u00bb _builder_version=\u00a0\u00bb4.27.2&Prime; _module_preset=\u00a0\u00bbdefault\u00a0\u00bb toggle_text_color=\u00a0\u00bbgcid-495980bb-f295-47fb-996a-5b6e31889a08&Prime; toggle_level=\u00a0\u00bbh3&Prime; toggle_font_size=\u00a0\u00bb20px\u00a0\u00bb background_color=\u00a0\u00bbRGBA(255,255,255,0)\u00a0\u00bb custom_margin=\u00a0\u00bb||||false|false\u00a0\u00bb border_color_all=\u00a0\u00bbgcid-495980bb-f295-47fb-996a-5b6e31889a08&Prime; global_colors_info=\u00a0\u00bb{%22gcid-495980bb-f295-47fb-996a-5b6e31889a08%22:%91%22open_toggle_text_color%22,%22toggle_text_color%22,%22border_color_all%22%93,%22gcid-39c81d08-5382-4ece-8303-4f7ac6571ab0%22:%91%22icon_color%22%93}\u00a0\u00bb][et_pb_accordion_item title=\u00a0\u00bbPr\u00e9sentation technique\/Affiche\u00a0\u00bb open=\u00a0\u00bbon\u00a0\u00bb _builder_version=\u00a0\u00bb4.27.2&Prime; _module_preset=\u00a0\u00bbdefault\u00a0\u00bb global_colors_info=\u00a0\u00bb{}\u00a0\u00bb]<\/p>\n<p>Date limite : 15 septembre 2025<\/p>\n<p>Exigences cl\u00e9s : Un r\u00e9sum\u00e9 de 300 mots soumis via le portail en ligne.<\/p>\n<p>Date de notification\/annonce : 1<sup>er<\/sup> octobre 2025<\/p>\n<p>[\/et_pb_accordion_item][et_pb_accordion_item title=\u00a0\u00bbPrix des meilleurs expos\u00e9s oraux\/affiches \u00e9tudiants\u00a0\u00bb _builder_version=\u00a0\u00bb4.27.2&Prime; _module_preset=\u00a0\u00bbdefault\u00a0\u00bb global_colors_info=\u00a0\u00bb{}\u00a0\u00bb open=\u00a0\u00bboff\u00a0\u00bb]<\/p>\n<p>Date limite : 15 septembre 2025<\/p>\n<p>Exigences cl\u00e9s : soumettre via le portail g\u00e9n\u00e9ral consacr\u00e9 aux r\u00e9sum\u00e9s<\/p>\n<p>Prix : $350<\/p>\n<p>Date de notification\/annonce : 1<sup>er<\/sup> octobre 2025<\/p>\n<p>[\/et_pb_accordion_item][\/et_pb_accordion][\/et_pb_column][\/et_pb_row][\/et_pb_section]<\/p>\n","protected":false},"excerpt":{"rendered":"<p>Milieu universitaire Postulez pour soumettre une&#8230;<\/p>\n","protected":false},"author":2,"featured_media":0,"parent":0,"menu_order":0,"comment_status":"closed","ping_status":"closed","template":"","meta":{"_acf_changed":false,"_et_pb_use_builder":"on","_et_pb_old_content":"","_et_gb_content_width":"","_price":"","_stock":"","_tribe_ticket_header":"","_tribe_default_ticket_provider":"Tribe__Tickets_Plus__Commerce__WooCommerce__Main","_tribe_ticket_capacity":"0","_ticket_start_date":"","_ticket_end_date":"","_tribe_ticket_show_description":"","_tribe_ticket_show_not_going":false,"_tribe_ticket_use_global_stock":"","_tribe_ticket_global_stock_level":"","_global_stock_mode":"","_global_stock_cap":"","_tribe_rsvp_for_event":"","_tribe_ticket_going_count":"","_tribe_ticket_not_going_count":"","_tribe_tickets_list":"[]","_tribe_ticket_has_attendee_info_fields":false,"footnotes":"","_tec_slr_enabled":"","_tec_slr_layout":""},"class_list":["post-278","page","type-page","status-publish","hentry"],"acf":[],"ticketed":false,"_links":{"self":[{"href":"https:\/\/conference.aerialevolution.ca\/fr\/wp-json\/wp\/v2\/pages\/278","targetHints":{"allow":["GET"]}}],"collection":[{"href":"https:\/\/conference.aerialevolution.ca\/fr\/wp-json\/wp\/v2\/pages"}],"about":[{"href":"https:\/\/conference.aerialevolution.ca\/fr\/wp-json\/wp\/v2\/types\/page"}],"author":[{"embeddable":true,"href":"https:\/\/conference.aerialevolution.ca\/fr\/wp-json\/wp\/v2\/users\/2"}],"replies":[{"embeddable":true,"href":"https:\/\/conference.aerialevolution.ca\/fr\/wp-json\/wp\/v2\/comments?post=278"}],"version-history":[{"count":16,"href":"https:\/\/conference.aerialevolution.ca\/fr\/wp-json\/wp\/v2\/pages\/278\/revisions"}],"predecessor-version":[{"id":1418,"href":"https:\/\/conference.aerialevolution.ca\/fr\/wp-json\/wp\/v2\/pages\/278\/revisions\/1418"}],"wp:attachment":[{"href":"https:\/\/conference.aerialevolution.ca\/fr\/wp-json\/wp\/v2\/media?parent=278"}],"curies":[{"name":"wp","href":"https:\/\/api.w.org\/{rel}","templated":true}]}}